{"id":49190,"date":"2018-02-05T17:19:58","date_gmt":"2018-02-05T16:19:58","guid":{"rendered":"http:\/\/www.kiekrin-weinhandlung.de\/?page_id=49190"},"modified":"2024-12-18T07:13:29","modified_gmt":"2024-12-18T06:13:29","slug":"weine-winzer","status":"publish","type":"page","link":"https:\/\/www.kiekrin-weinhandlung.de\/?page_id=49190","title":{"rendered":"Deutsche Winzer"},"content":{"rendered":"<p>[et_pb_section fb_built=&#8220;1&#8243; _builder_version=&#8220;3.22&#8243; custom_padding=&#8220;60px|0px|4px|0px&#8220; global_colors_info=&#8220;{}&#8220;][et_pb_row custom_padding_last_edited=&#8220;on|phone&#8220; _builder_version=&#8220;3.25&#8243; custom_padding=&#8220;27px|0px|61px|0px&#8220; custom_padding_tablet=&#8220;&#8220; custom_padding_phone=&#8220;0px||0px|&#8220; global_colors_info=&#8220;{}&#8220;][et_pb_column type=&#8220;4_4&#8243; _builder_version=&#8220;3.25&#8243; custom_padding=&#8220;|||&#8220; global_colors_info=&#8220;{}&#8220; custom_padding__hover=&#8220;|||&#8220;][et_pb_text _builder_version=&#8220;3.27.4&#8243; global_colors_info=&#8220;{}&#8220;]<\/p>\n<h1 style=\"text-align: left;\">Deutsche Winzer<\/h1>\n<p>[\/et_pb_text][\/et_pb_column][\/et_pb_row][et_pb_row _builder_version=&#8220;3.25&#8243; global_colors_info=&#8220;{}&#8220; column_structure=&#8220;1_3,2_3&#8243;][et_pb_column type=&#8220;1_3&#8243; _builder_version=&#8220;3.25&#8243; custom_padding=&#8220;|||&#8220; global_colors_info=&#8220;{}&#8220; custom_padding__hover=&#8220;|||&#8220;][et_pb_image src=&#8220;http:\/\/www.kiekrin-weinhandlung.de\/wp-content\/uploads\/2018\/02\/gaelweiler-wein-6.jpg&#8220; align_tablet=&#8220;center&#8220; align_last_edited=&#8220;on|desktop&#8220; disabled_on=&#8220;on|off|off&#8220; _builder_version=&#8220;3.23&#8243; global_colors_info=&#8220;{}&#8220;][\/et_pb_image][et_pb_code global_colors_info=&#8220;{}&#8220;]<iframe loading=\"lazy\" width=\"560\" height=\"315\" src=\"https:\/\/www.youtube-nocookie.com\/embed\/4B06F_cRnKk?rel=0\" frameborder=\"0\" allow=\"autoplay; encrypted-media\" allowfullscreen><\/iframe>[\/et_pb_code][\/et_pb_column][et_pb_column type=&#8220;2_3&#8243; _builder_version=&#8220;3.25&#8243; custom_padding=&#8220;|||&#8220; global_colors_info=&#8220;{}&#8220; custom_padding__hover=&#8220;|||&#8220;][et_pb_text _builder_version=&#8220;3.27.4&#8243; global_colors_info=&#8220;{}&#8220;]<\/p>\n<h4>In Bremen nur bei uns:<\/h4>\n<h2>Weingut G\u00e4lweiler<\/h2>\n<p>Ein Winzer mit dem ich mittlerweile freundschaftlich verbunden bin. Vor 26 oder 27 Jahren war ich das erste mal dort. Noch im alten \u00bbBauernhaus\u00ab. Albert und seine liebe Frau haben uns erstmal in der K\u00fcche mit Brot und Spezereien bewirtet. Fremde an der Nahe waren und sind willkommen. Ein kleines Weingut mit Landwirtschaft, im Norden der Nahe, recht hoch gelegen, ermutigte Andreas G\u00e4lweiler voll auf Wein zu setzen. Nach der Ausbildung legte er mehr und mehr Weing\u00e4rten an und das ganze Anwesen wurde so zu dem Weingut, welches es heute ist. Ein langer Weg, ohne die Eltern, den Geschwistern und vor allem auch dem Leo kaum m\u00f6glich. Sie haben es zusammen geschafft. Heute machen die G\u00e4lweiler Topp-Weine. Keine Grand Cru, aber Weine die Spa\u00df machen. Die Grauburgunder werden nie langweilig (was sonst ja oft der Fall ist). Die Rieslinge werden immer besser, was vor allem an der Lage liegt: z.B. der \u00bbRoter Sand\u00ab \u2013 ich k\u00f6nnte diese Weine auch mal gut und gerne \u00bb\u00fcber den Klee loben\u00ab \u2013 weil ich sie einfach mag, die G\u00e4lweilers.<\/p>\n<p>Weingut Albert G\u00e4lweiler<br \/> M\u00fchlenstra\u00dfe 6<br \/> 55595 St. Katharinen<\/p>\n<p><a href=\"www.gaelweiler-wein.de\">www.gaelweiler-wein.de<\/a><\/p>\n<p>[\/et_pb_text][\/et_pb_column][\/et_pb_row][et_pb_row disabled_on=&#8220;on|off|off&#8220; _builder_version=&#8220;3.25&#8243; custom_padding=&#8220;27px|0px|1px|0px&#8220; global_colors_info=&#8220;{}&#8220;][et_pb_column type=&#8220;4_4&#8243; _builder_version=&#8220;3.25&#8243; custom_padding=&#8220;|||&#8220; global_colors_info=&#8220;{}&#8220; custom_padding__hover=&#8220;|||&#8220;][et_pb_divider color=&#8220;#bababa&#8220; divider_weight=&#8220;1px&#8220; _builder_version=&#8220;3.0.105&#8243; max_width=&#8220;65%&#8220; module_alignment=&#8220;right&#8220; height=&#8220;63px&#8220; global_colors_info=&#8220;{}&#8220;][\/et_pb_divider][\/et_pb_column][\/et_pb_row][et_pb_row _builder_version=&#8220;3.25&#8243; global_colors_info=&#8220;{}&#8220; column_structure=&#8220;1_3,2_3&#8243;][et_pb_column type=&#8220;1_3&#8243; _builder_version=&#8220;3.25&#8243; custom_padding=&#8220;|||&#8220; global_colors_info=&#8220;{}&#8220; custom_padding__hover=&#8220;|||&#8220;][et_pb_image src=&#8220;http:\/\/www.kiekrin-weinhandlung.de\/wp-content\/uploads\/2018\/02\/becker_Weinflaschen.jpg&#8220; align_tablet=&#8220;center&#8220; align_last_edited=&#8220;on|desktop&#8220; _builder_version=&#8220;3.23&#8243; global_colors_info=&#8220;{}&#8220;][\/et_pb_image][et_pb_image src=&#8220;http:\/\/www.kiekrin-weinhandlung.de\/wp-content\/uploads\/2018\/02\/becker_Boeden.jpg&#8220; align_tablet=&#8220;center&#8220; align_last_edited=&#8220;on|desktop&#8220; _builder_version=&#8220;3.23&#8243; global_colors_info=&#8220;{}&#8220;][\/et_pb_image][\/et_pb_column][et_pb_column type=&#8220;2_3&#8243; _builder_version=&#8220;3.25&#8243; custom_padding=&#8220;|||&#8220; global_colors_info=&#8220;{}&#8220; custom_padding__hover=&#8220;|||&#8220;][et_pb_text _builder_version=&#8220;3.27.4&#8243; global_colors_info=&#8220;{}&#8220;]<\/p>\n<h4>In Bremen nur bei uns:<\/h4>\n<h2>Weingut Karlheinz Becker<\/h2>\n<p>Wenn ich nicht Winzer geworden w\u00e4re, w\u00e4re ich B\u00e4cker geworden, weil ich Brot liebe. Aber Brot ist genauso schwer \u00bbleicht\u00ab herzustellen wie Wein. Mal eben einen Brotteig machen \u2013 mal eben einen Wein machen \u2026 Becker in diesem Sinne. Karlheinz und Dominic sind ein Klasse-Gespann. Vater und Sohn machen das, wo alle (V\u00e4ter) von tr\u00e4umen, gemeinsam tolle Weine. In der sch\u00f6nen S\u00fcdpfalz, dieser Landschaft mit den seichten H\u00fcgeln, welche bis nach Frankreich reinwachsen \u2013 da macht sich auch der Geschmack in diese Richtung auf: \u00bbPinot Noir Barrique\u00ab \u2013 Junge, Junge \u2026 da kommt keiner auf Pf\u00e4lzer Wein \u2026 was f\u00fcr ein Stoff \u2013 die paar Kisten, die es davon gibt, m\u00f6chte man garnicht verkaufen, einfach selber trinken!<br \/>Auch der Chardonnay, mein Gott \u2013 wunderbar!<br \/>Mehr der Pf\u00e4lzer Wein \u2013 der Riesling! Bunter Sand, schwarzer Ton \u2013 da hat wohl mehr der Karlheinz seine Finger im Spiel (Mein Jahrgang) Klar \u2013 Riesling trocken mit Klasse statt Masse. Zu diesem Familien-Weingut m\u00fcsst ihr unbedingt hin fahren, ein paar Tage Urlaub machen und genie\u00dfen.<\/p>\n<p>&nbsp;<\/p>\n<p><a href=\"http:\/\/beckersweine.de\/#!\/\">www.beckersweine.de<\/a><\/p>\n<p>[\/et_pb_text][\/et_pb_column][\/et_pb_row][et_pb_row disabled_on=&#8220;on|off|off&#8220; _builder_version=&#8220;3.25&#8243; custom_padding=&#8220;27px|0px|1px|0px&#8220; global_colors_info=&#8220;{}&#8220;][et_pb_column type=&#8220;4_4&#8243; _builder_version=&#8220;3.25&#8243; custom_padding=&#8220;|||&#8220; global_colors_info=&#8220;{}&#8220; custom_padding__hover=&#8220;|||&#8220;][et_pb_divider color=&#8220;#bababa&#8220; divider_weight=&#8220;1px&#8220; _builder_version=&#8220;3.0.105&#8243; max_width=&#8220;65%&#8220; module_alignment=&#8220;right&#8220; height=&#8220;63px&#8220; global_colors_info=&#8220;{}&#8220;][\/et_pb_divider][\/et_pb_column][\/et_pb_row][et_pb_row _builder_version=&#8220;3.25&#8243; custom_padding=&#8220;27px|0px|2px|0px&#8220; global_colors_info=&#8220;{}&#8220; column_structure=&#8220;1_3,2_3&#8243;][et_pb_column type=&#8220;1_3&#8243; _builder_version=&#8220;3.25&#8243; custom_padding=&#8220;|||&#8220; global_colors_info=&#8220;{}&#8220; custom_padding__hover=&#8220;|||&#8220;][et_pb_image src=&#8220;http:\/\/www.kiekrin-weinhandlung.de\/wp-content\/uploads\/2018\/02\/frank-jutta-brohl.jpg&#8220; align_tablet=&#8220;center&#8220; align_last_edited=&#8220;on|desktop&#8220; _builder_version=&#8220;3.23&#8243; global_colors_info=&#8220;{}&#8220;][\/et_pb_image][et_pb_text _builder_version=&#8220;3.27.4&#8243; global_colors_info=&#8220;{}&#8220;][\/et_pb_text][\/et_pb_column][et_pb_column type=&#8220;2_3&#8243; _builder_version=&#8220;3.25&#8243; custom_padding=&#8220;|||&#8220; global_colors_info=&#8220;{}&#8220; custom_padding__hover=&#8220;|||&#8220;][et_pb_text _builder_version=&#8220;3.27.4&#8243; global_colors_info=&#8220;{}&#8220;]<\/p>\n<h4>BIOWEINE VON DER MOSEL<\/h4>\n<h1>Weingut Brohl<\/h1>\n<p><strong>Anbau:<br \/>\n<\/strong>Seit 1984 \u00f6kologisch.\u00a0Mitglied bei ECOVIN,\u00a0vegane Weine,\u00a0DE \u00d6KO 039,\u00a0Regionalgruppe OINOS<\/p>\n<p><strong> Moselwinzer:<br \/>\n<\/strong>Gr\u00f6\u00dfe: 7 Hektar, 70 % Riesling, 15 % Rivaner, 15 % Wei\u00dfburgunder, Sp\u00e4tburgunder und Dornfelder<\/p>\n<p><strong>Ertrag:<br \/>\n<\/strong>Im Durchschnitt 75 hl \/ ha im Jahr<\/p>\n<p><strong>Weinlagen:<br \/>\n<\/strong><em>Gro\u00dflage<\/em>: Reiler vom hei\u00dfen Stein (100 \u2013 260 m \u00fcber NN).<br \/>\n<em>Einzellagen<\/em>: P\u00fcndericher Marienburg \u2013 S\u00fcdhang. Der r\u00f6tlich weiche Devonschiefer der Marienburg hat einen hohen Gehalt an Eisenoxyd. So haben die Weine schon in der Jugend delikate Fruchtaromen und eine weiche geschmeidige F\u00fclle. In seiner Reifephase finden wir oft R\u00f6staromen nach Mokka und Kaffee. P\u00fcndericher Nonnengarten \u2013 <em>S\u00fcdwest<\/em>. Auch im Nonnengarten finden wir Devonschiefer, aber er ist durchsetzt von rotem Sandstein, der nur hier hervortritt \u201edie rote Ader\u201c. Die Weine definieren sich mehr \u00fcber die Erde: feine W\u00fcrze, Mineralit\u00e4t, Tiefgr\u00fcndigkeit \u2026Reiler Goldlay \u2013 <em>Wests\u00fcdwest<\/em>: Hier haben sich zwei Schieferarten vermischt; der dunkle blaue Schiefer und der harte graue Scheifer. Das bildet eine verf\u00fchrerische Synthese zwischen feinen Duftnuancen reifer Fr\u00fcchte und verspielter Mineralit\u00e4t.<\/p>\n<p><strong>Klima:<br \/>\n<\/strong>Maritim beeinflusst, warme Sommer, milde Winter, S\u00fcdwestwinde, 9,9 Grad Celsius, Niederschlag 650 mm\/ Jahr<\/p>\n<p><strong>Weincharakteristik:<\/strong><br \/>\nleichte, fruchtige Weine mit niedrigem Alkoholgehalt (Kabinettweine ) \u2013 sortenreine Wei\u00dfweine mit nachhaltigem S\u00e4ureger\u00fcst \u2013 blumiger, voller Rivaner \u2013 kr\u00e4ftiger, vollmundiger Wei\u00dfburgunder \u2013 elegante, s\u00e4urebetonte Rieslingweine, die einzigartig sind.<\/p>\n<p><strong>Lagerf\u00e4higkeit:<\/strong><br \/>\nRivaner: ca. 4 Jahre. Riesling: 10 Jahre und l\u00e4nger, je nach Oualit\u00e4tsstufe<\/p>\n<p><strong>WEINGUT FRANK BROHL<\/strong><br \/>\nFrank und Jutta Brohl \u00b7\u00a0Zum Rosenberg 2 \u00b7\u00a0D-56862 P\u00fcnderich\/Mosel<\/p>\n<p><a href=\"www.weingut-brohl.de\">www.weingut-brohl.de<\/a><br \/>\n[\/et_pb_text][\/et_pb_column][\/et_pb_row][et_pb_row disabled_on=&#8220;on|off|off&#8220; _builder_version=&#8220;3.25&#8243; custom_padding=&#8220;27px|0px|1px|0px&#8220; global_colors_info=&#8220;{}&#8220;][et_pb_column type=&#8220;4_4&#8243; _builder_version=&#8220;3.25&#8243; custom_padding=&#8220;|||&#8220; global_colors_info=&#8220;{}&#8220; custom_padding__hover=&#8220;|||&#8220;][et_pb_divider color=&#8220;#bababa&#8220; divider_weight=&#8220;1px&#8220; _builder_version=&#8220;3.0.105&#8243; max_width=&#8220;65%&#8220; module_alignment=&#8220;right&#8220; height=&#8220;63px&#8220; global_colors_info=&#8220;{}&#8220;][\/et_pb_divider][\/et_pb_column][\/et_pb_row][et_pb_row _builder_version=&#8220;3.25&#8243; global_colors_info=&#8220;{}&#8220; column_structure=&#8220;1_3,2_3&#8243;][et_pb_column type=&#8220;1_3&#8243; _builder_version=&#8220;3.25&#8243; custom_padding=&#8220;|||&#8220; global_colors_info=&#8220;{}&#8220; custom_padding__hover=&#8220;|||&#8220;][et_pb_image src=&#8220;http:\/\/www.kiekrin-weinhandlung.de\/wp-content\/uploads\/2018\/02\/sasbacher-winzergenossenschaft.jpg&#8220; align_tablet=&#8220;center&#8220; align_last_edited=&#8220;on|desktop&#8220; _builder_version=&#8220;3.23&#8243; global_colors_info=&#8220;{}&#8220;][\/et_pb_image][\/et_pb_column][et_pb_column type=&#8220;2_3&#8243; _builder_version=&#8220;3.25&#8243; custom_padding=&#8220;|||&#8220; global_colors_info=&#8220;{}&#8220; custom_padding__hover=&#8220;|||&#8220;][et_pb_text _builder_version=&#8220;3.27.4&#8243; global_colors_info=&#8220;{}&#8220;]<\/p>\n<h4>In Bremen nur bei uns:<\/h4>\n<h2>Sasbacher Winzerkeller<\/h2>\n<p>Unterhalten sich Weinkenner \u00fcber die besten badischen Weine, so f\u00e4llt dabei unweigerlich der Name Sasbach. Der Sasbacher Winzerkeller eG ist mit ihrer Rebfl\u00e4che und damit der Betriebsgr\u00f6\u00dfe eine der kleinsten Kaiserst\u00fchler Genossenschaften \u2013 ihre Weinqualit\u00e4t macht sie aber zu einer der ganz gro\u00dfen, die vor allem mit ihren Rotweinen einen hervorragenden Ruf genie\u00dft.<\/p>\n<p>Im Jahre 1935\u00a0von 46 mutigen Winzern gegr\u00fcndet, nahm die Genossenschaft in \u00fcber 75 Jahren eine enorm positive Entwicklung. Heute pr\u00e4sentiert sich die Genossenschaft als erfahrener und zugleich moderner Betrieb: Erfahrung und Intuition. Die Top-Weine der Sasbacher Genosssenschaft sind die Sp\u00e4tburgunder Rotweine. Sie werden mit dem altbew\u00e4hrten klassischen G\u00e4rverfahren gekeltert und in Eichenholzf\u00e4ssern ausgebaut. Mit ihren Rotweinen z\u00e4hlt der Sasbacher Winzerkeller zu den bekanntesten badischen und deutschen Betrieben.<br \/>\n\u00dcber zwei Drittel der Rebfl\u00e4che Sasbachs von insgesamt etwas \u00fcber 100 Hektar sind mit Burgundereben bestockt (Sp\u00e4tburgunder, Grauer Burgunder und Wei\u00dfer Burgunder). Strenge Selektion und 100% Handlese sind wichtige Voraussetzungen f\u00fcr die hervorragende Qualit\u00e4t aus den zwei\u00a0Einzellagen\u00a0des Winzerkellers. Ganze 95 % ihrer Weine baut der Sasbacher Winzerkeller eG trocken oder halbtrocken aus. Das Weinprogramm ist breit und gut sortiert.<\/p>\n<p><a href=\"http:\/\/www.sasbacher.de\">www.sasbacher.de<\/a><\/p>\n<p>&nbsp;<br \/>\n[\/et_pb_text][\/et_pb_column][\/et_pb_row][et_pb_row disabled_on=&#8220;on|off|off&#8220; _builder_version=&#8220;3.25&#8243; custom_padding=&#8220;27px|0px|1px|0px&#8220; global_colors_info=&#8220;{}&#8220;][et_pb_column type=&#8220;4_4&#8243; _builder_version=&#8220;3.25&#8243; custom_padding=&#8220;|||&#8220; global_colors_info=&#8220;{}&#8220; custom_padding__hover=&#8220;|||&#8220;][et_pb_divider color=&#8220;#bababa&#8220; divider_weight=&#8220;1px&#8220; _builder_version=&#8220;3.0.105&#8243; max_width=&#8220;65%&#8220; module_alignment=&#8220;right&#8220; height=&#8220;63px&#8220; global_colors_info=&#8220;{}&#8220;][\/et_pb_divider][\/et_pb_column][\/et_pb_row][et_pb_row _builder_version=&#8220;3.25&#8243; global_colors_info=&#8220;{}&#8220; column_structure=&#8220;1_3,2_3&#8243;][et_pb_column type=&#8220;1_3&#8243; _builder_version=&#8220;3.25&#8243; custom_padding=&#8220;|||&#8220; global_colors_info=&#8220;{}&#8220; custom_padding__hover=&#8220;|||&#8220;][et_pb_image src=&#8220;http:\/\/www.kiekrin-weinhandlung.de\/wp-content\/uploads\/2018\/02\/Sander_Pressefoto_04.jpg&#8220; align_tablet=&#8220;center&#8220; align_last_edited=&#8220;on|desktop&#8220; _builder_version=&#8220;3.23&#8243; global_colors_info=&#8220;{}&#8220;][\/et_pb_image][\/et_pb_column][et_pb_column type=&#8220;2_3&#8243; _builder_version=&#8220;3.25&#8243; custom_padding=&#8220;|||&#8220; global_colors_info=&#8220;{}&#8220; custom_padding__hover=&#8220;|||&#8220;][et_pb_text _builder_version=&#8220;3.27.4&#8243; global_colors_info=&#8220;{}&#8220;]<\/p>\n<h1>Weingut Sander \u2013 \u00d6kologische Weine<\/h1>\n<p>Als Deutschlands \u00e4ltester, nach \u00f6kologischen Richtlinien arbeitender Weinbaubetrieb, k\u00f6nnen wir guten Gewissens sagen: Wir hinterlassen unseren Kindern wirklich bl\u00fchende Landschaften. Eine solide Basis, ein echtes Geschenk und eine Verpflichtung. Unsere Reben stehen auf den fruchtbaren L\u00f6\u00dfb\u00f6den rund um Mettenheim. Wir erhalten die biologische Aktivit\u00e4t unserer B\u00f6den mithilfe der Natur: Das Geheimnis liegt dabei im richtigen Einsatz von Mist, Kompost, Stroh und Gr\u00fcnd\u00fcngungspflanzen. Mit diesen organischen Materialien steigern wir den Humusgehalt des Bodens. Das Ergebnis ist ein \u201egarer\u201d Boden mit stabilen Kr\u00fcmelstrukturen. So erh\u00e4lt der Wein eine tiefere Pr\u00e4gung durch sein Terroir. Unsere besten Weinberge wurden nie flurbereinigt \u2013 Hecken, B\u00f6schungen, Mauern und Begr\u00fcnungspflanzen bieten vielen n\u00fctzlichen Tieren eine ideale Lebenswelt.<\/p>\n<p><strong>AUSZEICHNUNGEN<\/strong><br \/>\nEichelmann Deutschland Weine 2017: 3 Sterne \u201eWie in den vergangenen Jahren ist auch die neue Kollektion stark und stimmig \u2013 und wartet mit zwei edels\u00fc\u00dfen \u00dcberraschungen auf.\u201c Gault &amp; Millau Weinguide Deutschland 2017: 3 Trauben &#8211; Aufsteiger \u201eWir schmecken die unverbauten Rheinterrassen insbesondere in den herrlichen Rieslingen, Wei\u00df- und Sp\u00e4tburgunder und Silvanern \u2013 authentisch und ungek\u00fcnstelt.\u201c<\/p>\n<p>WEINGUT SANDER<br \/>\nIn den Weing\u00e4rten 11<br \/>\n67582 Mettenheim<\/p>\n<p><a href=\"http:\/\/sanderweine.de\/#!\/de\">www.sanderweine.de<\/a><br \/>\n[\/et_pb_text][\/et_pb_column][\/et_pb_row][et_pb_row disabled_on=&#8220;on|off|off&#8220; _builder_version=&#8220;3.25&#8243; custom_padding=&#8220;27px|0px|1px|0px&#8220; global_colors_info=&#8220;{}&#8220;][et_pb_column type=&#8220;4_4&#8243; _builder_version=&#8220;3.25&#8243; custom_padding=&#8220;|||&#8220; global_colors_info=&#8220;{}&#8220; custom_padding__hover=&#8220;|||&#8220;][et_pb_divider color=&#8220;#bababa&#8220; divider_weight=&#8220;1px&#8220; _builder_version=&#8220;3.0.105&#8243; max_width=&#8220;65%&#8220; module_alignment=&#8220;right&#8220; height=&#8220;63px&#8220; global_colors_info=&#8220;{}&#8220;][\/et_pb_divider][\/et_pb_column][\/et_pb_row][et_pb_row _builder_version=&#8220;3.25&#8243; global_colors_info=&#8220;{}&#8220; column_structure=&#8220;1_3,2_3&#8243;][et_pb_column type=&#8220;1_3&#8243; _builder_version=&#8220;3.25&#8243; custom_padding=&#8220;|||&#8220; global_colors_info=&#8220;{}&#8220; custom_padding__hover=&#8220;|||&#8220;][et_pb_code global_colors_info=&#8220;{}&#8220;]<iframe loading=\"lazy\" width=\"560\" height=\"315\" src=\"https:\/\/www.youtube-nocookie.com\/embed\/RpQUjuFDfT8?rel=0\" frameborder=\"0\" allow=\"autoplay; encrypted-media\" allowfullscreen><\/iframe>[\/et_pb_code][\/et_pb_column][et_pb_column type=&#8220;2_3&#8243; _builder_version=&#8220;3.25&#8243; custom_padding=&#8220;|||&#8220; global_colors_info=&#8220;{}&#8220; custom_padding__hover=&#8220;|||&#8220;][et_pb_text _builder_version=&#8220;3.27.4&#8243; header_font=&#8220;||||||||&#8220; global_colors_info=&#8220;{}&#8220;]<\/p>\n<h1>Weingut Eberbach-Sch\u00e4fer<\/h1>\n<h4>W\u00fcrttemberg<\/h4>\n<p>Trollinger \u2013 fr\u00fcher, lang ist\u2019s her, da haben wir immer gesagt, wir m\u00fc\u00dfen diesen Wein im Sortiment haben, f\u00fcr die Heimatvertriebenen, die Schwaben, die hier an der Uni gelandet waren und ihren Wein und die dazugeh\u00f6rige Maultasche so lieben. Haben wir gemacht, selbst Maultaschen haben wir jahrzehntelang auf Bestellung besorgt. Nun macht ihr das ja \u00fcber das Internet. Okay, der Trolle ist im Sortiment geblieben und ist (ehrlich gesagt) auch besser geworden. Wirklich ein Wein, ein leichter Roter, ja wie auch in S\u00fcdtirol, richtig rund, im Sommer die Besenwirtschaft und im Winter der Kachelofen in der H\u00fctte.<\/p>\n<p>\u00a0Weingut Eberbach-Sch\u00e4fer<br \/> Im Rieder 6<br \/> 74348 Lauffen a. Nahe<\/p>\n<p><a href=\"http:\/\/www.eberbach-schaefer.de\">www.eberbach-schaefer.de<\/a><\/p>\n<p>[\/et_pb_text][\/et_pb_column][\/et_pb_row][\/et_pb_section]<\/p>\n","protected":false},"excerpt":{"rendered":"<p>Deutsche Winzer In Bremen nur bei uns: Weingut G\u00e4lweiler Ein Winzer mit dem ich mittlerweile freundschaftlich verbunden bin. Vor 26 oder 27 Jahren war ich das erste mal dort. Noch im alten \u00bbBauernhaus\u00ab. Albert und seine liebe Frau haben uns erstmal in der K\u00fcche mit Brot und Spezereien bewirtet. Fremde an der Nahe waren und [&hellip;]<\/p>\n","protected":false},"author":1,"featured_media":0,"parent":0,"menu_order":0,"comment_status":"closed","ping_status":"closed","template":"","meta":{"_et_pb_use_builder":"on","_et_pb_old_content":"","_et_gb_content_width":"","footnotes":""},"class_list":["post-49190","page","type-page","status-publish","hentry"],"_links":{"self":[{"href":"https:\/\/www.kiekrin-weinhandlung.de\/index.php?rest_route=\/wp\/v2\/pages\/49190","targetHints":{"allow":["GET"]}}],"collection":[{"href":"https:\/\/www.kiekrin-weinhandlung.de\/index.php?rest_route=\/wp\/v2\/pages"}],"about":[{"href":"https:\/\/www.kiekrin-weinhandlung.de\/index.php?rest_route=\/wp\/v2\/types\/page"}],"author":[{"embeddable":true,"href":"https:\/\/www.kiekrin-weinhandlung.de\/index.php?rest_route=\/wp\/v2\/users\/1"}],"replies":[{"embeddable":true,"href":"https:\/\/www.kiekrin-weinhandlung.de\/index.php?rest_route=%2Fwp%2Fv2%2Fcomments&post=49190"}],"version-history":[{"count":35,"href":"https:\/\/www.kiekrin-weinhandlung.de\/index.php?rest_route=\/wp\/v2\/pages\/49190\/revisions"}],"predecessor-version":[{"id":50460,"href":"https:\/\/www.kiekrin-weinhandlung.de\/index.php?rest_route=\/wp\/v2\/pages\/49190\/revisions\/50460"}],"wp:attachment":[{"href":"https:\/\/www.kiekrin-weinhandlung.de\/index.php?rest_route=%2Fwp%2Fv2%2Fmedia&parent=49190"}],"curies":[{"name":"wp","href":"https:\/\/api.w.org\/{rel}","templated":true}]}}