{"id":49085,"date":"2018-01-30T14:28:37","date_gmt":"2018-01-30T13:28:37","guid":{"rendered":"http:\/\/www.kiekrin-weinhandlung.de\/?page_id=49085"},"modified":"2025-03-30T15:49:40","modified_gmt":"2025-03-30T13:49:40","slug":"home","status":"publish","type":"page","link":"https:\/\/www.kiekrin-weinhandlung.de\/","title":{"rendered":"Kiek-Rin"},"content":{"rendered":"<p>[et_pb_section fb_built=&#8220;1&#8243; fullwidth=&#8220;on&#8220; disabled_on=&#8220;on|off|off&#8220; _builder_version=&#8220;3.22&#8243; global_colors_info=&#8220;{}&#8220;][et_pb_fullwidth_slider _builder_version=&#8220;4.10.8&#8243; header_font=&#8220;||||||||&#8220; custom_margin=&#8220;||64px|||&#8220; custom_padding=&#8220;|||&#8220; auto=&#8220;on&#8220; auto_speed=&#8220;5000&#8243; global_colors_info=&#8220;{}&#8220; button_text_size__hover_enabled=&#8220;off&#8220; button_one_text_size__hover_enabled=&#8220;off&#8220; button_two_text_size__hover_enabled=&#8220;off&#8220; button_text_color__hover_enabled=&#8220;off&#8220; button_one_text_color__hover_enabled=&#8220;off&#8220; button_two_text_color__hover_enabled=&#8220;off&#8220; button_border_width__hover_enabled=&#8220;off&#8220; button_one_border_width__hover_enabled=&#8220;off&#8220; button_two_border_width__hover_enabled=&#8220;off&#8220; button_border_color__hover_enabled=&#8220;off&#8220; button_one_border_color__hover_enabled=&#8220;off&#8220; button_two_border_color__hover_enabled=&#8220;off&#8220; button_border_radius__hover_enabled=&#8220;off&#8220; button_one_border_radius__hover_enabled=&#8220;off&#8220; button_two_border_radius__hover_enabled=&#8220;off&#8220; button_letter_spacing__hover_enabled=&#8220;off&#8220; button_one_letter_spacing__hover_enabled=&#8220;off&#8220; button_two_letter_spacing__hover_enabled=&#8220;off&#8220; button_bg_color__hover_enabled=&#8220;off&#8220; button_one_bg_color__hover_enabled=&#8220;off&#8220; button_two_bg_color__hover_enabled=&#8220;off&#8220;][et_pb_slide use_text_overlay=&#8220;off&#8220; _builder_version=&#8220;4.10.8&#8243; header_level=&#8220;h1&#8243; header_font=&#8220;||||||||&#8220; header_text_color=&#8220;#000000&#8243; header_font_size=&#8220;72px&#8220; background_color=&#8220;#ffffff&#8220; background_image=&#8220;http:\/\/www.kiekrin-weinhandlung.de\/wp-content\/uploads\/2018\/01\/kiekrin-laden-aussenansicht.jpg&#8220; header_text_shadow_style=&#8220;preset1&#8243; global_colors_info=&#8220;{}&#8220; button_text_size__hover_enabled=&#8220;off&#8220; button_one_text_size__hover_enabled=&#8220;off&#8220; button_two_text_size__hover_enabled=&#8220;off&#8220; button_text_color__hover_enabled=&#8220;off&#8220; button_one_text_color__hover_enabled=&#8220;off&#8220; button_two_text_color__hover_enabled=&#8220;off&#8220; button_border_width__hover_enabled=&#8220;off&#8220; button_one_border_width__hover_enabled=&#8220;off&#8220; button_two_border_width__hover_enabled=&#8220;off&#8220; button_border_color__hover_enabled=&#8220;off&#8220; button_one_border_color__hover_enabled=&#8220;off&#8220; button_two_border_color__hover_enabled=&#8220;off&#8220; button_border_radius__hover_enabled=&#8220;off&#8220; button_one_border_radius__hover_enabled=&#8220;off&#8220; button_two_border_radius__hover_enabled=&#8220;off&#8220; button_letter_spacing__hover_enabled=&#8220;off&#8220; button_one_letter_spacing__hover_enabled=&#8220;off&#8220; button_two_letter_spacing__hover_enabled=&#8220;off&#8220; button_bg_color__hover_enabled=&#8220;off&#8220; button_one_bg_color__hover_enabled=&#8220;off&#8220; button_two_bg_color__hover_enabled=&#8220;off&#8220; sticky_transition=&#8220;on&#8220;][\/et_pb_slide][et_pb_slide heading=&#8220;Ehrliche Winzer &#038; Weine&#8220; use_bg_overlay=&#8220;off&#8220; use_text_overlay=&#8220;off&#8220; _builder_version=&#8220;4.10.8&#8243; header_font=&#8220;||||||||&#8220; header_text_color=&#8220;#ffffff&#8220; header_font_size=&#8220;72px&#8220; background_color=&#8220;#ffffff&#8220; background_image=&#8220;http:\/\/www.kiekrin-weinhandlung.de\/wp-content\/uploads\/2017\/11\/grapes-image.jpg&#8220; custom_button=&#8220;on&#8220; button_bg_color=&#8220;#6c3538&#8243; button_font=&#8220;||||||||&#8220; button_use_icon=&#8220;on&#8220; button_icon=&#8220;%%71%%&#8220; button_on_hover=&#8220;on&#8220; header_font_size_tablet=&#8220;72px&#8220; header_font_size_phone=&#8220;30px&#8220; header_font_size_last_edited=&#8220;on|phone&#8220; header_text_shadow_style=&#8220;preset1&#8243; global_colors_info=&#8220;{}&#8220; button_text_size__hover_enabled=&#8220;off&#8220; button_one_text_size__hover_enabled=&#8220;off&#8220; button_two_text_size__hover_enabled=&#8220;off&#8220; button_text_color__hover_enabled=&#8220;off&#8220; button_one_text_color__hover_enabled=&#8220;off&#8220; button_two_text_color__hover_enabled=&#8220;off&#8220; button_border_width__hover_enabled=&#8220;off&#8220; button_one_border_width__hover_enabled=&#8220;off&#8220; button_two_border_width__hover_enabled=&#8220;off&#8220; button_border_color__hover_enabled=&#8220;off&#8220; button_one_border_color__hover_enabled=&#8220;off&#8220; button_two_border_color__hover_enabled=&#8220;off&#8220; button_border_radius__hover_enabled=&#8220;off&#8220; button_one_border_radius__hover_enabled=&#8220;off&#8220; button_two_border_radius__hover_enabled=&#8220;off&#8220; button_letter_spacing__hover_enabled=&#8220;off&#8220; button_one_letter_spacing__hover_enabled=&#8220;off&#8220; button_two_letter_spacing__hover_enabled=&#8220;off&#8220; button_bg_color__hover_enabled=&#8220;off&#8220; button_one_bg_color__hover_enabled=&#8220;off&#8220; button_two_bg_color__hover_enabled=&#8220;off&#8220; sticky_transition=&#8220;on&#8220;][\/et_pb_slide][et_pb_slide _builder_version=&#8220;3.21.3&#8243; header_level=&#8220;h1&#8243; header_font=&#8220;||||||||&#8220; header_font_size=&#8220;70px&#8220; background_color=&#8220;#ffffff&#8220; background_image=&#8220;http:\/\/www.kiekrin-weinhandlung.de\/wp-content\/uploads\/2018\/02\/kiekrin-aussen-leute-panorama.jpg&#8220; header_font_size_tablet=&#8220;&#8220; header_font_size_phone=&#8220;&#8220; header_font_size_last_edited=&#8220;on|phone&#8220; global_colors_info=&#8220;{}&#8220; button_text_size__hover_enabled=&#8220;off&#8220; button_one_text_size__hover_enabled=&#8220;off&#8220; button_two_text_size__hover_enabled=&#8220;off&#8220; button_text_color__hover_enabled=&#8220;off&#8220; button_one_text_color__hover_enabled=&#8220;off&#8220; button_two_text_color__hover_enabled=&#8220;off&#8220; button_border_width__hover_enabled=&#8220;off&#8220; button_one_border_width__hover_enabled=&#8220;off&#8220; button_two_border_width__hover_enabled=&#8220;off&#8220; button_border_color__hover_enabled=&#8220;off&#8220; button_one_border_color__hover_enabled=&#8220;off&#8220; button_two_border_color__hover_enabled=&#8220;off&#8220; button_border_radius__hover_enabled=&#8220;off&#8220; button_one_border_radius__hover_enabled=&#8220;off&#8220; button_two_border_radius__hover_enabled=&#8220;off&#8220; button_letter_spacing__hover_enabled=&#8220;off&#8220; button_one_letter_spacing__hover_enabled=&#8220;off&#8220; button_two_letter_spacing__hover_enabled=&#8220;off&#8220; button_bg_color__hover_enabled=&#8220;off&#8220; button_one_bg_color__hover_enabled=&#8220;off&#8220; button_two_bg_color__hover_enabled=&#8220;off&#8220; sticky_transition=&#8220;on&#8220;][\/et_pb_slide][\/et_pb_fullwidth_slider][\/et_pb_section][et_pb_section fb_built=&#8220;1&#8243; _builder_version=&#8220;4.2.2&#8243; custom_padding=&#8220;5px||3px|||&#8220; global_colors_info=&#8220;{}&#8220;][et_pb_row custom_padding_last_edited=&#8220;on|phone&#8220; _builder_version=&#8220;3.25&#8243; custom_padding_tablet=&#8220;&#8220; custom_padding_phone=&#8220;0px||0px|&#8220; global_colors_info=&#8220;{}&#8220;][et_pb_column type=&#8220;4_4&#8243; _builder_version=&#8220;3.25&#8243; custom_padding=&#8220;|||&#8220; global_colors_info=&#8220;{}&#8220; custom_padding__hover=&#8220;|||&#8220;][et_pb_text _builder_version=&#8220;4.10.8&#8243; text_font=&#8220;||||||||&#8220; header_font=&#8220;||||||||&#8220; header_font_size_tablet=&#8220;&#8220; header_font_size_phone=&#8220;26px&#8220; header_font_size_last_edited=&#8220;on|phone&#8220; global_colors_info=&#8220;{}&#8220;]<\/p>\n<h1 class=\"p1\">Liebe Weinfreund*innen,<\/h1>\n<p>[\/et_pb_text][\/et_pb_column][\/et_pb_row][et_pb_row column_structure=&#8220;1_3,1_3,1_3&#8243; _builder_version=&#8220;3.25&#8243; global_colors_info=&#8220;{}&#8220;][et_pb_column type=&#8220;1_3&#8243; _builder_version=&#8220;3.25&#8243; custom_padding=&#8220;|||&#8220; global_colors_info=&#8220;{}&#8220; custom_padding__hover=&#8220;|||&#8220;][et_pb_image src=&#8220;http:\/\/www.kiekrin-weinhandlung.de\/wp-content\/uploads\/2017\/11\/kalle.jpg&#8220; align_tablet=&#8220;center&#8220; align_phone=&#8220;&#8220; align_last_edited=&#8220;on|desktop&#8220; _builder_version=&#8220;3.23&#8243; global_colors_info=&#8220;{}&#8220;][\/et_pb_image][\/et_pb_column][et_pb_column type=&#8220;1_3&#8243; _builder_version=&#8220;3.25&#8243; custom_padding=&#8220;|||&#8220; global_colors_info=&#8220;{}&#8220; custom_padding__hover=&#8220;|||&#8220;][et_pb_text _builder_version=&#8220;4.10.8&#8243; global_colors_info=&#8220;{}&#8220;]<\/p>\n<h5 class=\"p1\">sch\u00f6n, dass Ihr diese Seite gefunden habt \u2013 aber schade, dass Ihr gerade nicht hier in unserer Weinhandlung seid!<\/h5>\n<h5 class=\"p1\">OK \u2026 Ihr wohnt ganz weit weg, in Walle oder in Halle \ud83d\ude09\u00a0im Worldwideweb eben.<\/h5>\n<p class=\"p1\">Es ist auch wirklich sch\u00f6n f\u00fcr uns Werderaner, wenn die Hamburger unsere Seite anschauen oder \u00bbdie aus M\u00fcnchen\u00ab. Ganz oft schauen Winzer und Winzerinnen aus aller Welt unsere Seite an und nehmen mit uns Kontakt auf, weil sie meinen, ihre Weine w\u00fcrden gut zu uns passen.<\/p>\n<p class=\"p1\">Wir ticken nun schon seit \u00fcber 40 Jahren ganz anders. Wir suchen, wir probieren, wir sind immer unterwegs. Parker Punkte sind nicht unsere Welt. Winzerinnen und Winzer, Menschen die diese einzigartige Kultur des Weinanbaus f\u00fcr sich \u2013 und dadurch auch f\u00fcr uns \u2013 verinnerlicht haben, sind unsere Inspiration.<\/p>\n<p>[\/et_pb_text][\/et_pb_column][et_pb_column type=&#8220;1_3&#8243; _builder_version=&#8220;3.25&#8243; custom_padding=&#8220;|||&#8220; global_colors_info=&#8220;{}&#8220; custom_padding__hover=&#8220;|||&#8220;][et_pb_text _builder_version=&#8220;3.27.4&#8243; global_colors_info=&#8220;{}&#8220;]<\/p>\n<p class=\"p1\">Wie hei\u00dft es so sch\u00f6n: Wer Land und Leute kennt, kann etwas erz\u00e4hlen. So ist es auch bei uns. Wir kennen die Winzer*innen, wir kennen die Landschaften, wir wissen von der vielen Arbeit im Weinberg. Der Weinberg ist der Schatz und die Winzer*innen sind die Schatzmeister*innen.<\/p>\n<p class=\"p1\">Kommen Sie in unsere Weinhandlung, hier gibt es k\u00f6stliches zu probieren. Wenn Sie vorm Computer sitzen und unsere Weinispirationen studieren und in die eine oder andere <strong>\u00bbFlaschenpost\u00ab<\/strong> reinschauen, fehlt Ihnen sicherlich der kleine Zapfhahn rechts am Bildschirm \u2026 mal nen Schluck probieren? W\u00e4re doch zu sch\u00f6n, also \u00bbKiek Rin\u00ab und wir hei\u00dfen Sie herzlich Willkommen.<\/p>\n<h5 class=\"p1\">Ihr Kalle Mengel und das Kiek Rin Team<\/h5>\n<p class=\"p1\">P.S. Nat\u00fcrlich versenden wir die Weine auch, siehe <strong>Service<\/strong><\/p>\n<p>[\/et_pb_text][\/et_pb_column][\/et_pb_row][et_pb_row _builder_version=&#8220;4.2.2&#8243; custom_padding=&#8220;||0px|||&#8220; global_colors_info=&#8220;{}&#8220;][et_pb_column type=&#8220;4_4&#8243; _builder_version=&#8220;4.2.2&#8243; global_colors_info=&#8220;{}&#8220;][et_pb_text _builder_version=&#8220;4.10.8&#8243; header_3_text_color=&#8220;#6c3538&#8243; custom_margin=&#8220;||44px|||&#8220; custom_padding=&#8220;0px||27px||false|false&#8220; global_colors_info=&#8220;{}&#8220;]<\/p>\n<h1><\/h1>\n<h1>Wir liefern ins Haus<\/h1>\n<p>\u00a0Wir liefern ab 6 Flaschen kostenlos im Bremer Stadtgebiet, immer mittwochs und freitags. Einfach anrufen oder eine Email schreiben!<br \/><strong>Bitte mindestens einen Tag vor dem gew\u00fcnschten Liefertermin bestellen.<\/strong><\/p>\n<p>[\/et_pb_text][\/et_pb_column][\/et_pb_row][et_pb_row _builder_version=&#8220;4.2.2&#8243; custom_padding=&#8220;||5px|||&#8220; global_colors_info=&#8220;{}&#8220;][et_pb_column type=&#8220;4_4&#8243; _builder_version=&#8220;4.2.2&#8243; global_colors_info=&#8220;{}&#8220;][et_pb_divider _builder_version=&#8220;4.2.2&#8243; global_colors_info=&#8220;{}&#8220;][\/et_pb_divider][\/et_pb_column][\/et_pb_row][et_pb_row column_structure=&#8220;1_2,1_2&#8243; _builder_version=&#8220;4.2.2&#8243; global_colors_info=&#8220;{}&#8220;][et_pb_column type=&#8220;1_2&#8243; _builder_version=&#8220;4.2.2&#8243; global_colors_info=&#8220;{}&#8220;][et_pb_image src=&#8220;https:\/\/www.kiekrin-weinhandlung.de\/wp-content\/uploads\/2021\/02\/fruehburgunder_Becker.jpg&#8220; title_text=&#8220;fruehburgunder_Becker&#8220; _builder_version=&#8220;4.8.2&#8243; global_colors_info=&#8220;{}&#8220;][\/et_pb_image][\/et_pb_column][et_pb_column type=&#8220;1_2&#8243; _builder_version=&#8220;4.2.2&#8243; global_colors_info=&#8220;{}&#8220;][et_pb_text _builder_version=&#8220;4.8.2&#8243; global_colors_info=&#8220;{}&#8220;]<\/p>\n<h2>Liebe Weinfreund*innen,<\/h2>\n<section class=\"elementor-element elementor-element-f2d092c elementor-section-boxed elementor-section-height-default elementor-section-height-default elementor-section elementor-top-section\" data-id=\"f2d092c\" data-element_type=\"section\">\n<div class=\"elementor-container elementor-column-gap-default\">\n<div class=\"elementor-row\">\n<div class=\"elementor-element elementor-element-dbd82ec elementor-column elementor-col-100 elementor-top-column\" data-id=\"dbd82ec\" data-element_type=\"column\">\n<div class=\"elementor-column-wrap  elementor-element-populated\">\n<div class=\"elementor-widget-wrap\">\n<div class=\"elementor-element elementor-element-9b2d916 elementor-widget elementor-widget-heading\" data-id=\"9b2d916\" data-element_type=\"widget\" data-widget_type=\"heading.default\">\n<div class=\"elementor-widget-container\">\n<h5>heute habe ich einfach mal blind ins Regal gegriffen.<br \/> Und was hatte ich sch\u00f6nes in der Hand?<br \/> Fr\u00fchburgunder vom Weingut Becker \u2013 richtig lecker!<\/h5>\n<p><strong>Karlheinz und Dominik Becker, deren Weingut ist und bleibt eines unserer liebsten.<\/strong><br \/> Sp\u00e4tburgunder, Pinot Noir, das sind die gro\u00dfen Bekannten im Rote-Reben-Spektrum, vor allem, weil sie bis heute in unseren heimischen Regionen gut gedeihen. Doch der Klimawandel ist im Weinbau schon seit mehr als 20 Jahren angekommen und so werden immer mehr andere rote Rebsorten in deutschen Landen heimisch.<br \/> Merlot und Konsorten lassen gr\u00fc\u00dfen!<br \/> Der Fr\u00fchburgunder wird nur noch sehr selten angebaut, nur wenige Winzer retteten diese Traube um daraus einen sehr eigenst\u00e4ndigen Wein zu machen.<br \/> Der Fr\u00fchburgunder ist etwas heller in der Farbe, trotzdem in der Nase voller als ein Sp\u00e4tburgunder. Weitere Unterschiede sind die kleineren Beeren und die dickere Schale, dadurch wird seine Aromatik intensiver. Geerntet wird er etwa 2 Wochen vor dem Sp\u00e4tburgunder, daher \u2026 genau \u2013 hei\u00dft er Fr\u00fchburgunder und er ist ein spannender Wein mit vollem K\u00f6rper und Charakter.<br \/> <strong>Also ran an den guten Tropfen. (Vom Weingut G\u00e4lweiler haben wir auch noch so ein Sch\u00e4tzchen)<\/strong><\/p>\n<p><a href=\"https:\/\/beckersweine.de\/#!\/\">https:\/\/beckersweine.de<\/a><\/p>\n<\/div>\n<\/div>\n<\/div>\n<\/div>\n<\/div>\n<\/div>\n<\/div>\n<\/section>\n<p>[\/et_pb_text][\/et_pb_column][\/et_pb_row][et_pb_row _builder_version=&#8220;4.2.2&#8243; custom_padding=&#8220;||5px|||&#8220; global_colors_info=&#8220;{}&#8220;][et_pb_column type=&#8220;4_4&#8243; _builder_version=&#8220;4.2.2&#8243; global_colors_info=&#8220;{}&#8220;][et_pb_divider _builder_version=&#8220;4.2.2&#8243; global_colors_info=&#8220;{}&#8220;][\/et_pb_divider][\/et_pb_column][\/et_pb_row][et_pb_row column_structure=&#8220;1_2,1_2&#8243; _builder_version=&#8220;4.2.2&#8243; global_colors_info=&#8220;{}&#8220;][et_pb_column type=&#8220;1_2&#8243; _builder_version=&#8220;4.2.2&#8243; global_colors_info=&#8220;{}&#8220;][et_pb_image src=&#8220;http:\/\/www.kiekrin-weinhandlung.de\/wp-content\/uploads\/2020\/10\/adeneuer_weine_fass.jpg&#8220; _builder_version=&#8220;4.2.2&#8243; global_colors_info=&#8220;{}&#8220;][\/et_pb_image][\/et_pb_column][et_pb_column type=&#8220;1_2&#8243; _builder_version=&#8220;4.2.2&#8243; global_colors_info=&#8220;{}&#8220;][et_pb_text _builder_version=&#8220;4.2.2&#8243; global_colors_info=&#8220;{}&#8220;]<\/p>\n<h1>Ah \u2026 Ah \u2026 Ahr !<\/h1>\n<h2>jetzt bei uns im Programm \u2013 die hervorragenden Weine vom Weingut Adeneuer!<\/h2>\n<section class=\"elementor-element elementor-element-f2d092c elementor-section-boxed elementor-section-height-default elementor-section-height-default elementor-section elementor-top-section\" data-id=\"f2d092c\" data-element_type=\"section\">\n<div class=\"elementor-container elementor-column-gap-default\">\n<div class=\"elementor-row\">\n<div class=\"elementor-element elementor-element-dbd82ec elementor-column elementor-col-100 elementor-top-column\" data-id=\"dbd82ec\" data-element_type=\"column\">\n<div class=\"elementor-column-wrap  elementor-element-populated\">\n<div class=\"elementor-widget-wrap\">\n<div class=\"elementor-element elementor-element-9b2d916 elementor-widget elementor-widget-heading\" data-id=\"9b2d916\" data-element_type=\"widget\" data-widget_type=\"heading.default\">\n<div class=\"elementor-widget-container\">\n<h5 class=\"elementor-heading-title elementor-size-default\"><\/h5>\n<h5 class=\"elementor-heading-title elementor-size-default\">Die AHR &#8211; das kleine, aber doch so vielf\u00e4ltige Tal<\/h5>\n<\/div>\n<\/div>\n<\/div>\n<\/div>\n<\/div>\n<\/div>\n<\/div>\n<\/section>\n<section class=\"elementor-element elementor-element-ef5fc7d elementor-section-boxed elementor-section-height-default elementor-section-height-default elementor-section elementor-top-section\" data-id=\"ef5fc7d\" data-element_type=\"section\">\n<div class=\"elementor-container elementor-column-gap-default\">\n<div class=\"elementor-row\">\n<div class=\"elementor-element elementor-element-f24d0f9 elementor-column elementor-col-100 elementor-top-column\" data-id=\"f24d0f9\" data-element_type=\"column\">\n<div class=\"elementor-column-wrap  elementor-element-populated\">\n<div class=\"elementor-widget-wrap\">\n<div class=\"elementor-element elementor-element-174c0e1 elementor-widget elementor-widget-text-editor\" data-id=\"174c0e1\" data-element_type=\"widget\" data-widget_type=\"text-editor.default\">\n<div class=\"elementor-widget-container\">\n<div class=\"elementor-text-editor elementor-clearfix\">\n<p><span style=\"font-family: tahoma, arial, helvetica, sans-serif;\">Mit nur 560 Hektar Rebfl\u00e4che ist die Ahr eines der kleinsten deutschen Weinanbaugebieten. Das Sprichwort \u201eklein, aber oho\u201c trifft hier den Nagel auf den Kopf. In Blankenheim entspringend schl\u00e4ngelt sich der kleine, wilde Fluss durch das enge, steile und felsige Tal bis er schlie\u00dflich in Remagen bei Sinzig in den Rhein m\u00fcndet. Die Flusslandschaft ist auf den nach S\u00fcden ausgerichteten steilen H\u00e4ngen von Weinbau gepr\u00e4gt. Die Bodenstruktur besteht hier aus Grauwacke, Blauschiefer, Schiefer, L\u00f6sslehm und Vulkangestein. Die B\u00f6den und das best\u00e4ndige, k\u00fchle Mikroklima der Ahr bringt k\u00fchle, elegante, aber trotzdem straffe und kraftvolle Sp\u00e4tburgunder hervor, wie man sie nirgendwo sonst in deutschen Anbaugebieten findet.<\/span><\/p>\n<p>Weiterlesen auf der Website von Adeneuer \u2026 <a href=\"http:\/\/www.adeneuer.de\/\">http:\/\/www.adeneuer.de\/<\/a><\/p>\n<\/div>\n<\/div>\n<\/div>\n<\/div>\n<\/div>\n<\/div>\n<\/div>\n<\/div>\n<\/section>\n<p>[\/et_pb_text][\/et_pb_column][\/et_pb_row][et_pb_row column_structure=&#8220;1_2,1_2&#8243; _builder_version=&#8220;4.2.2&#8243; global_colors_info=&#8220;{}&#8220;][et_pb_column type=&#8220;1_2&#8243; _builder_version=&#8220;4.2.2&#8243; global_colors_info=&#8220;{}&#8220;][et_pb_text _builder_version=&#8220;4.2.2&#8243; header_3_text_color=&#8220;#6c3538&#8243; global_colors_info=&#8220;{}&#8220;]<\/p>\n<h2>Neu im Kiek Rin:<\/h2>\n<h2>Weingut B\u00fcrgermeister Carl Koch<br \/>Oppenheim am Rhein<\/h2>\n<p>Oppenheimer Kr\u00f6tenbrunnen, genau, da war doch was, s\u00fc\u00dfe Sp\u00e4tlese, 60er Jahre, ach den gibts bist heute. 40 % aller deutschen Weine sind immer noch lieblich \u2026 kaum zu glauben. <br \/>Aber, auch die jungen Aufsteiger-Winzer lieben trockene Weine mit bis zu 8 g Restzucker. Na, trocken? <br \/>Ja, wenn in allen Lebensmitteln immer mehr Zucker ist, dann ver\u00e4ndert sich auch der Weingeschmack und so ist es nicht verwunderlich, da\u00df die Rests\u00fc\u00dfe im Wein auf dem Vormarsch ist.<br \/>So, nun zu Carl Koch. In Corona-Zeiten war es auch f\u00fcr das Kiek Rin Team nicht m\u00f6glich Weinproben abzuhalten. Doch Mitte August mu\u00dften wir einfach mal wieder ran an den guten Geschmack. Und, wir hatten richtig Gl\u00fcck. Gleich der erste Winzer hat uns mit seinem Weinprogramm ins schw\u00e4rmen gebracht. Erstens sind die Weine alle biologisch angebaut und verarbeitet. Die Weine tragen die ausgepr\u00e4gte Handschrift des aus Argentinien stammenden Kellermeisters Agustin G. Novon. <br \/>Agustin hat in Neuseeland, Argentinien und Italien im Weingut gearbeitet. Er hat im Kloster Eberbach die Sp\u00e4tburgunder ausgebaut. Auch in England war er in Sachen Wein unterwegs. Ja, Sp\u00e4tburgunder sind seine Leidenschaft \u2013 diese k\u00f6nnt Ihr nun bei uns bekommen. Des weiteren Rieslinge in allen Facetten und Naturweine, einen aussergew\u00f6hnlichen Gew\u00fcrztraminer, unbedingt mal probieren. Und die Preise? Einen so knackig-frischen, mundvollen Riesling in der Literflasche f\u00fcr 8,50 \u20ac gibt es echt selten.<\/p>\n<p><a href=\"https:\/\/carl-koch.de\/de\/\">https:\/\/carl-koch.de\/de\/<\/a><\/p>\n<p>[\/et_pb_text][\/et_pb_column][et_pb_column type=&#8220;1_2&#8243; _builder_version=&#8220;4.2.2&#8243; global_colors_info=&#8220;{}&#8220;][et_pb_image src=&#8220;http:\/\/www.kiekrin-weinhandlung.de\/wp-content\/uploads\/2020\/09\/carl_koch_weine.jpg&#8220; _builder_version=&#8220;4.2.2&#8243; global_colors_info=&#8220;{}&#8220;][\/et_pb_image][\/et_pb_column][\/et_pb_row][et_pb_row _builder_version=&#8220;4.2.2&#8243; custom_padding=&#8220;||5px|||&#8220; global_colors_info=&#8220;{}&#8220;][et_pb_column type=&#8220;4_4&#8243; _builder_version=&#8220;4.2.2&#8243; global_colors_info=&#8220;{}&#8220;][et_pb_divider _builder_version=&#8220;4.2.2&#8243; global_colors_info=&#8220;{}&#8220;][\/et_pb_divider][\/et_pb_column][\/et_pb_row][et_pb_row column_structure=&#8220;1_2,1_2&#8243; _builder_version=&#8220;4.2.2&#8243; min_height=&#8220;547px&#8220; custom_padding=&#8220;||8px|||&#8220; global_colors_info=&#8220;{}&#8220;][et_pb_column type=&#8220;1_2&#8243; _builder_version=&#8220;4.2.2&#8243; global_colors_info=&#8220;{}&#8220;][et_pb_text _builder_version=&#8220;4.2.2&#8243; global_colors_info=&#8220;{}&#8220;]<\/p>\n<h3>Weingut Sacherer<\/h3>\n<p><strong>Irgendwann in den Achtzigern bin ich auf das Weingut Sacherer gesto\u00dfen und in all den Jahren treu geblieben. Kurt Sacherer ist au\u00dferdem ein hervorragender Brenner vom Hochprozentigen und seine Br\u00e4nde werden von uns regelm\u00e4\u00dfig geordert.<\/strong><\/p>\n<p>Unterdessen waren die Sacherer Weine ein wenig aus dem Focus gelangt, was auch an den Etiketten liegen mochte, die eine gef\u00fchlte Ewigkeit nicht ge\u00e4ndert worden. Mittlerweile finde ich das richtig gut, denn es geht ja nicht um Modeerscheinungen, sondern um den Wein. Auf dem Sacherer Etikett ist auch der Restzuckergehalt des Weines angegeben. <br \/>Das traut sich kaum noch ein Winzer, denn \u00bbtrocken\u00ab kann auch schon mal 8 Gramm Restzucker bedeuten \u2013 da wird es vollmundig und fruchtig, sch\u00f6n!?<br \/>Trocken mu\u00df manfrau k\u00f6nnen und wollen, dann ist der Mund auch voll \u2013 mit Wein!<\/p>\n<p>[\/et_pb_text][\/et_pb_column][et_pb_column type=&#8220;1_2&#8243; _builder_version=&#8220;4.2.2&#8243; global_colors_info=&#8220;{}&#8220;][et_pb_image src=&#8220;http:\/\/www.kiekrin-weinhandlung.de\/wp-content\/uploads\/2020\/04\/sacherer_weine_laden.jpg&#8220; _builder_version=&#8220;4.2.2&#8243; global_colors_info=&#8220;{}&#8220;][\/et_pb_image][\/et_pb_column][\/et_pb_row][et_pb_row column_structure=&#8220;1_3,1_3,1_3&#8243; _builder_version=&#8220;4.2.2&#8243; custom_margin=&#8220;-10px|auto||auto||&#8220; global_colors_info=&#8220;{}&#8220;][et_pb_column type=&#8220;1_3&#8243; _builder_version=&#8220;4.2.2&#8243; global_colors_info=&#8220;{}&#8220;][et_pb_text _builder_version=&#8220;4.2.2&#8243; global_colors_info=&#8220;{}&#8220;]<\/p>\n<p>Die Weine vom Kaiserstuhl, wegen dem Gestein und der vielen Sonne, sind schon was besonderes. Sp\u00e4tburgunder ist die Rebe. Nun will ich nicht gleich nach Frankreich rufen, aber weit ist es ja nicht \u2013 Rotweine aus Deutschland haben sich gemausert, hochwertige Pinot Noirs und Sp\u00e4tburgunder m\u00fc\u00dfen keinen Vergleich mehr scheuen. Da geht was.<\/p>\n<p>[\/et_pb_text][\/et_pb_column][et_pb_column type=&#8220;1_3&#8243; _builder_version=&#8220;4.2.2&#8243; global_colors_info=&#8220;{}&#8220;][et_pb_text _builder_version=&#8220;4.2.2&#8243; global_colors_info=&#8220;{}&#8220;]<\/p>\n<p><strong>Aber zur\u00fcck zur Sache(rer):<\/strong><br \/> Sp\u00e4tburgunder Kabinett, aus unserem Laden \u2013 unschlagbar in der Preisklasse \u2013 jede Menge Stoff, Frucht und F\u00fclle \u2013 unglaublich!<br \/> Auch die Wei\u00dfen: Grauburgunder, Chardonnay, Muskateller sind super. Wei\u00dfburgunder und ein M\u00fcller-Thurgau im Liter zu einem sehr g\u00fcnstigem Preis.<br \/> Also wir bleiben dem Sacherer treu.<\/p>\n<p>[\/et_pb_text][\/et_pb_column][et_pb_column type=&#8220;1_3&#8243; _builder_version=&#8220;4.2.2&#8243; global_colors_info=&#8220;{}&#8220;][et_pb_text _builder_version=&#8220;4.2.2&#8243; global_colors_info=&#8220;{}&#8220;]<\/p>\n<p>\u00dcbrigens l\u00e4\u00dft es sich im Kaiserstuhl vorz\u00fcglich wandern und dann unbedingt bei den Sacherers im Gasthof zur Sonne einkehren.<br \/> Viel Spa\u00df!<\/p>\n<p><a href=\"https:\/\/sacherer-weine.de\/\">https:\/\/sacherer-weine.de\/<\/a><\/p>\n<p>[\/et_pb_text][\/et_pb_column][\/et_pb_row][et_pb_row _builder_version=&#8220;4.2.2&#8243; custom_padding=&#8220;||5px|||&#8220; global_colors_info=&#8220;{}&#8220;][et_pb_column type=&#8220;4_4&#8243; _builder_version=&#8220;4.2.2&#8243; global_colors_info=&#8220;{}&#8220;][et_pb_divider _builder_version=&#8220;4.2.2&#8243; global_colors_info=&#8220;{}&#8220;][\/et_pb_divider][\/et_pb_column][\/et_pb_row][\/et_pb_section][et_pb_section fb_built=&#8220;1&#8243; _builder_version=&#8220;3.22&#8243; custom_margin=&#8220;||46px|||&#8220; custom_padding=&#8220;11px|0px|7px|0px||&#8220; global_colors_info=&#8220;{}&#8220;][et_pb_row column_structure=&#8220;1_3,1_3,1_3&#8243; _builder_version=&#8220;3.25&#8243; custom_padding=&#8220;7px|0px|0px|0px&#8220; global_colors_info=&#8220;{}&#8220;][et_pb_column type=&#8220;1_3&#8243; _builder_version=&#8220;3.25&#8243; custom_padding=&#8220;|||&#8220; global_colors_info=&#8220;{}&#8220; custom_padding__hover=&#8220;|||&#8220;][et_pb_text _builder_version=&#8220;3.27.4&#8243; global_colors_info=&#8220;{}&#8220;]<\/p>\n<h1>Weine von MANZ<\/h1>\n<h3>aus Rheinhessen<\/h3>\n<p>Das Weingut Manz aus Weinolsheim in Rheinhessen sammelt eine Auszeichnung nach der anderen z.B. Gault Millau, drei Trauben, &#8222;Weingut des Jahres\u201c, bester Riesling etc. <br \/>Die Wei\u00df- und Rotweine kommen aus den besten Lagen Rheinhessens mit verschiedenen Untergr\u00fcnden: L\u00f6ss, Kalkstein, Letten, Rotschiefer und einer spezifischen kleinklimatischen Eigenschaft jeder Parzelle, die ihren Charakter im Wein pr\u00e4gen. <br \/>Die Kellerei Manz bietet Wei\u00dfwein und Rotwein von perfekt selektierten Trauben, die das Profil von Mineralit\u00e4t, Frucht und Rasse, gepaart mit einer perfekten S\u00e4ure aus diesen Rheinhessen Lagen widerspiegeln.<\/p>\n<p><a href=\"https:\/\/www.manz-weinolsheim.de\/index.html\">www.manz-weinolsheim.de<\/a><\/p>\n<p>[\/et_pb_text][et_pb_image src=&#8220;http:\/\/www.kiekrin-weinhandlung.de\/wp-content\/uploads\/2019\/12\/Manz_hoch_web.jpg&#8220; align_tablet=&#8220;center&#8220; align_phone=&#8220;&#8220; align_last_edited=&#8220;on|desktop&#8220; _builder_version=&#8220;3.23&#8243; global_colors_info=&#8220;{}&#8220;][\/et_pb_image][\/et_pb_column][et_pb_column type=&#8220;1_3&#8243; _builder_version=&#8220;3.25&#8243; custom_padding=&#8220;|||&#8220; global_colors_info=&#8220;{}&#8220; custom_padding__hover=&#8220;|||&#8220;][et_pb_blog include_categories=&#8220;34&#8243; show_content=&#8220;on&#8220; show_author=&#8220;off&#8220; show_date=&#8220;off&#8220; show_categories=&#8220;off&#8220; show_pagination=&#8220;off&#8220; _builder_version=&#8220;3.21.3&#8243; global_colors_info=&#8220;{}&#8220;][\/et_pb_blog][\/et_pb_column][et_pb_column type=&#8220;1_3&#8243; _builder_version=&#8220;3.25&#8243; custom_padding=&#8220;|||&#8220; global_colors_info=&#8220;{}&#8220; custom_padding__hover=&#8220;|||&#8220;][et_pb_image src=&#8220;http:\/\/www.kiekrin-weinhandlung.de\/wp-content\/uploads\/2020\/02\/tm_plakat_flaschen_web.jpg&#8220; _builder_version=&#8220;4.2.2&#8243; global_colors_info=&#8220;{}&#8220;][\/et_pb_image][et_pb_text _builder_version=&#8220;4.10.8&#8243; global_colors_info=&#8220;{}&#8220;]<\/p>\n<h2>Jura studieren!<\/h2>\n<p>Eigene Rebsorten, unangepasste Weinbereitungen und alte Traditionen werden im franz\u00f6sischen <strong>Weinanbaugebiet Jura<\/strong> hoch gehalten.<\/p>\n<p>Es entstehen hier trockenen Weine als auch Cr\u00e9mant de Jura, der in klassischer Flascheng\u00e4rung, vorwiegend aus Chardonnay und Pinot Noir produziert wird. Die geschmackliche \u00c4hnlichkeit der Cr\u00e9mants mit Champagner ist erstaunlich, die Preise sind es nicht.<\/p>\n<p>Das Haus TISSOT-MAIRE ist ein Zusammenschluss zweier bekannter Namen des Jura: Joseph Tissot, gegr\u00fcndet 1896 und Produzent von Cr\u00e9mants seit 1920 und Henri Maire, der bekannte Produzent des einstigen \u201eVin Fou\u201c.<\/p>\n<p>Inhaber des Hauses TISSOT-MAIRE ist die bekannte Familie Boisset aus Nuits-St.-Georges, die vom gro\u00dfen Potenzial des Jura \u00fcberzeugt ist und deren Team \u00fcber ein gro\u00dfes Wissen der Sektbereitung verf\u00fcgt.<\/p>\n<p><strong>Ein Super-Preis-Leistungs-Verh\u00e4ltnis f\u00fcr diese feine Cr\u00e9mant-Kollektion!<br \/><\/strong><\/p>\n<p><strong>Blanc de Blancs, Blanc de Noirs<br \/>und Brut Ros\u00e9 <br \/><\/strong><\/p>\n<p><strong><\/strong><\/p>\n<p>[\/et_pb_text][\/et_pb_column][\/et_pb_row][\/et_pb_section]<\/p>\n","protected":false},"excerpt":{"rendered":"<p>Liebe Weinfreund*innen,sch\u00f6n, dass Ihr diese Seite gefunden habt \u2013 aber schade, dass Ihr gerade nicht hier in unserer Weinhandlung seid! OK \u2026 Ihr wohnt ganz weit weg, in Walle oder in Halle \ud83d\ude09\u00a0im Worldwideweb eben. Es ist auch wirklich sch\u00f6n f\u00fcr uns Werderaner, wenn die Hamburger unsere Seite anschauen oder \u00bbdie aus M\u00fcnchen\u00ab. Ganz oft [&hellip;]<\/p>\n","protected":false},"author":1,"featured_media":0,"parent":0,"menu_order":0,"comment_status":"closed","ping_status":"closed","template":"","meta":{"_et_pb_use_builder":"on","_et_pb_old_content":"","_et_gb_content_width":"","footnotes":""},"class_list":["post-49085","page","type-page","status-publish","hentry"],"_links":{"self":[{"href":"https:\/\/www.kiekrin-weinhandlung.de\/index.php?rest_route=\/wp\/v2\/pages\/49085","targetHints":{"allow":["GET"]}}],"collection":[{"href":"https:\/\/www.kiekrin-weinhandlung.de\/index.php?rest_route=\/wp\/v2\/pages"}],"about":[{"href":"https:\/\/www.kiekrin-weinhandlung.de\/index.php?rest_route=\/wp\/v2\/types\/page"}],"author":[{"embeddable":true,"href":"https:\/\/www.kiekrin-weinhandlung.de\/index.php?rest_route=\/wp\/v2\/users\/1"}],"replies":[{"embeddable":true,"href":"https:\/\/www.kiekrin-weinhandlung.de\/index.php?rest_route=%2Fwp%2Fv2%2Fcomments&post=49085"}],"version-history":[{"count":163,"href":"https:\/\/www.kiekrin-weinhandlung.de\/index.php?rest_route=\/wp\/v2\/pages\/49085\/revisions"}],"predecessor-version":[{"id":50505,"href":"https:\/\/www.kiekrin-weinhandlung.de\/index.php?rest_route=\/wp\/v2\/pages\/49085\/revisions\/50505"}],"wp:attachment":[{"href":"https:\/\/www.kiekrin-weinhandlung.de\/index.php?rest_route=%2Fwp%2Fv2%2Fmedia&parent=49085"}],"curies":[{"name":"wp","href":"https:\/\/api.w.org\/{rel}","templated":true}]}}